{"id":296,"date":"2020-02-20T12:22:21","date_gmt":"2020-02-20T11:22:21","guid":{"rendered":"https:\/\/ramonescale.com\/?page_id=296"},"modified":"2020-05-28T11:01:56","modified_gmt":"2020-05-28T09:01:56","slug":"events-i-fundacio","status":"publish","type":"page","link":"https:\/\/ramonescale.com\/ca\/events-i-fundacio\/","title":{"rendered":"Events i Fundaci\u00f3"},"content":{"rendered":"\n<div class=\"wp-block-cover alignfull has-background-dim-30 has-background-dim\" style=\"background-image:url(https:\/\/ramonescale.com\/wp-content\/uploads\/sites\/2\/2020\/02\/events-01-cropped-1024x377.jpg);background-color:#dd0063\"><div class=\"wp-block-cover__inner-container is-layout-flow wp-block-cover-is-layout-flow\">\n<p class=\"has-text-align-center has-large-font-size\">Endinsa&#8217;t en una experi\u00e8ncia gospel<\/p>\n\n\n\n<p style=\"color:#ffffff\" class=\"has-text-color has-text-align-center has-medium-font-size\"><strong>Viu una celebraci\u00f3 gospel <\/strong><\/p>\n<\/div><\/div>\n\n\n\n<div style=\"height:50px\" aria-hidden=\"true\" class=\"wp-block-spacer\"><\/div>\n\n\n\n<p>Fruit de la meva passi\u00f3 pel gospel i la il\u00b7lusi\u00f3 i ganes de compartir, impulsar i acostar aquest preci\u00f3s llenguatge musical ple d\u2019emoci\u00f3, energia i unitat, neixen tots els esdeveniments que organitzo.<\/p>\n\n\n\n<p>En cadascun d\u2019ells, els participants tenen l\u2019oportunitat de viure una experi\u00e8ncia \u00fanica i intensa on, a m\u00e9s a m\u00e9s d\u2019aprendre gospel, s\u2019emocionen, riuen, canten, comparteixen i conviuen amb persones de diferents creences, proced\u00e8ncies i tradicions.<\/p>\n\n\n\n<p>El nostre objectiu en cada esdeveniment \u00e9s convertir-lo en un referent capa\u00e7 de convocar els <strong>millors artistes internacionals de gospel <\/strong>\u00a0perqu\u00e8 tots tinguem l\u2019ocasi\u00f3 d\u2019aprendre d\u2019ells, veure\u2019ls actuar, rebre classes i sentir la m\u00e0gia del gospel m\u00e9s aut\u00e8ntic.<\/p>\n\n\n\n<p>\u00c9s dif\u00edcil expressar en paraules el que es viu en aquestes trobades de gospel. S\u2019experimenta alegria des de la senzillesa, des de la simple satisfacci\u00f3 d\u2019estar compartint, de pert\u00e0nyer a alguna cosa que va m\u00e9s enll\u00e0 d\u2019un mateix. \u00c9s una forma de celebrar la vida  a trav\u00e9s de la m\u00fasica, d\u2019apropar-se al gospel d&#8217;una manera l\u00fadica i oberta a tothom.<\/p>\n\n\n\n<h3 class=\"wp-block-heading\">En cada esdeveniment:<\/h3>\n\n\n\n<ul class=\"wp-block-list\"><li>Sentir\u00e0s la m\u00fasica i concretament el gospel des de \u201cdins\u201d amb tota l\u2019autenticitat i pot\u00e8ncia dels seu missatge.<\/li><li>Disfrutar\u00e0s de la m\u00fasica d\u2019una forma plena d\u2019energia renovada i positiva.<\/li><li>Ser\u00e0s part de quelcom intangible, per\u00f2 al mateix temps real i poder\u00f3s, com la percepci\u00f3 de centenars de persones connectades \u00edntimament a trav\u00e9s del so de les seves veus.<\/li><li>Viur\u00e0s una experi\u00e8ncia de celebraci\u00f3 de la vida, de proximitat, de relacions humanes en la seva millor versi\u00f3.<\/li><li>Aprofundir\u00e0s de la m\u00e0 de les grans figures del gospel internacional, b\u00e0sicament de USA i UK, en totes les facetes musicals i emocionals que conformen el gospel.<\/li><li>Comprendr\u00e0s de manera vivencial el missatge universal del gospel que va m\u00e9s enll\u00e0 de les diferents creences, cultures i proced\u00e8ncies.<\/li><\/ul>\n\n\n\n<h3 class=\"wp-block-heading\"><strong>A qui va adre\u00e7at:<\/strong><\/h3>\n\n\n\n<ul class=\"wp-block-list\"><li>Si est\u00e0s interessat en el gospel i tens curiositat per entendre en qu\u00e8 consisteix la seva m\u00e0gia i atractiu.<\/li><li>Si cantes actualment en un cor i vols anar m\u00e9s enll\u00e0<\/li><li>Si vols disfrutar de les actuacions en directe i workshops de les grans figures internacionals<\/li><li>Si vols compartir la teva passi\u00f3 pel gospel amb gent d\u2019altres cultures i proced\u00e8ncies<\/li><li>Si vols entendre de manera pr\u00e0ctica i vivencial la universalitat del seu missatge<\/li><\/ul>\n\n\n\n<h3 class=\"wp-block-heading\"><strong>Productora &#8211; Esdeveniments<\/strong><\/h3>\n\n\n\n<h4 class=\"wp-block-heading\">Festivals. Fundador i director pedag\u00f2gic<\/h4>\n\n\n\n<ul class=\"wp-block-list\"><li><a class=\"ek-link\" href=\"https:\/\/ramonescale.com\/ca\/events-i-fundacio\/campus-gospel-rajadell\/\">Campus Gospel Rajadell. 15 editions held. Artists USA \/ Europe \/ Africa.<\/a><\/li><li><a href=\"https:\/\/ramonescale.com\/ca\/events-i-fundacio\/one-heart-gospel-festival\/\" class=\"ek-link\">One Heart Gospel Festival Gospel Barcelona. 1<sup>st<\/sup> edition held in April 2019.<\/a><\/li><\/ul>\n\n\n\n<h4 class=\"wp-block-heading\">Fundacions. Col\u00b7laborador<\/h4>\n\n\n\n<ul class=\"wp-block-list\"><li>Chazon Children Center Molo (Kenya). Gener del 2018<\/li><li>Safari Children\u2019s Choir Entebbe (Uganda). Agost del 2015 i Febrer del 2016<\/li><li>Col\u00b7laboracions amb GTM Ministries. Siena \/ Sardenya \/ Telti. 2018 \/ 2019\/ 2020<\/li><\/ul>\n\n\n\n<hr class=\"wp-block-separator\" \/>\n\n\n\n<h2 class=\"has-text-align-center wp-block-heading\">Testimonis<\/h2>\n\n\n\n<div class=\"wp-block-columns alignwide is-layout-flex wp-container-core-columns-is-layout-9d6595d7 wp-block-columns-is-layout-flex\">\n<div class=\"wp-block-column is-layout-flow wp-block-column-is-layout-flow\">\n<blockquote class=\"wp-block-quote is-layout-flow wp-block-quote-is-layout-flow\"><p>En Ramon \u00e9s una d\u2019aquelles persones que t\u00e9 \u00e0ngel; a m\u00e9s a m\u00e9s del seu talent per la m\u00fasica, \u00e9s un l\u00edder. T\u00e9 el poder de moure a les persones per dins i per fora. Tot ho fa de manera molt espont\u00e0nia, innata, no fa cap paper, \u00e9s de veritat. Treballant \u00e9s molt seri\u00f3s, encara que mai oblida el seu sentit de l\u2019humor. Els seus esdeveniments mouen muntanyes i ell \u00e9s la punta de l\u2019iceberg de cadascun d\u2019ells<\/p><cite>David Casamitjana. Enginyer de so<\/cite><\/blockquote>\n<\/div>\n\n\n\n<div class=\"wp-block-column is-layout-flow wp-block-column-is-layout-flow\">\n<blockquote class=\"wp-block-quote is-layout-flow wp-block-quote-is-layout-flow\"><p>En Ramon marca la difer\u00e8ncia gr\u00e0cies a la seva naturalitat i senzillesa a l\u2019hora de comunicar i transmetre. T\u00e9 una capacitat per captivar als cantants i liderar-los amb senzillesa i humilitat. T\u00e9 un gran talent com a director i especialment, com a m\u00fasic. M\u2019agrada molt. T\u00e9 carisma i sap posar-se al davant d\u2019un projecte escoltant a tothom. Els seus esdeveniments m\u2019encanten, no me\u2019n perdo ni un.<\/p><cite>Imma Joseph. Responsable d\u2019un cor de gospel<\/cite><\/blockquote>\n<\/div>\n<\/div>\n\n\n\n<p><\/p>\n","protected":false},"excerpt":{"rendered":"<p>Fruit de la meva passi\u00f3 pel gospel i la il\u00b7lusi\u00f3 i ganes de compartir, impulsar i acostar aquest preci\u00f3s llenguatge musical ple d\u2019emoci\u00f3, energia i unitat, neixen tots els esdeveniments que organitzo. En cadascun d\u2019ells, els participants tenen l\u2019oportunitat de viure una experi\u00e8ncia \u00fanica i intensa on, a m\u00e9s a m\u00e9s d\u2019aprendre gospel, s\u2019emocionen, riuen, [&hellip;]<\/p>\n","protected":false},"author":1,"featured_media":0,"parent":0,"menu_order":7,"comment_status":"closed","ping_status":"closed","template":"","meta":{"_editorskit_title_hidden":false,"_editorskit_reading_time":2,"_editorskit_is_block_options_detached":false,"_editorskit_block_options_position":"{}","_genesis_hide_title":false,"_genesis_hide_breadcrumbs":false,"_genesis_hide_singular_image":false,"_genesis_hide_footer_widgets":false,"_genesis_custom_body_class":"","_genesis_custom_post_class":"","_genesis_layout":"","editor_notices":[],"footnotes":""},"class_list":{"0":"post-296","1":"page","2":"type-page","3":"status-publish","5":"entry"},"_links":{"self":[{"href":"https:\/\/ramonescale.com\/ca\/wp-json\/wp\/v2\/pages\/296","targetHints":{"allow":["GET"]}}],"collection":[{"href":"https:\/\/ramonescale.com\/ca\/wp-json\/wp\/v2\/pages"}],"about":[{"href":"https:\/\/ramonescale.com\/ca\/wp-json\/wp\/v2\/types\/page"}],"author":[{"embeddable":true,"href":"https:\/\/ramonescale.com\/ca\/wp-json\/wp\/v2\/users\/1"}],"replies":[{"embeddable":true,"href":"https:\/\/ramonescale.com\/ca\/wp-json\/wp\/v2\/comments?post=296"}],"version-history":[{"count":5,"href":"https:\/\/ramonescale.com\/ca\/wp-json\/wp\/v2\/pages\/296\/revisions"}],"predecessor-version":[{"id":767,"href":"https:\/\/ramonescale.com\/ca\/wp-json\/wp\/v2\/pages\/296\/revisions\/767"}],"wp:attachment":[{"href":"https:\/\/ramonescale.com\/ca\/wp-json\/wp\/v2\/media?parent=296"}],"curies":[{"name":"wp","href":"https:\/\/api.w.org\/{rel}","templated":true}]}}