{"id":30,"date":"2019-12-02T17:15:40","date_gmt":"2019-12-02T16:15:40","guid":{"rendered":"https:\/\/ramonescale.com\/?page_id=30"},"modified":"2020-05-29T12:25:25","modified_gmt":"2020-05-29T10:25:25","slug":"inici","status":"publish","type":"page","link":"https:\/\/ramonescale.com\/ca\/","title":{"rendered":"Inici"},"content":{"rendered":"\n<div class=\"wp-block-cover alignfull has-background-dim has-parallax\" style=\"background-image:url(https:\/\/ramonescale.com\/wp-content\/uploads\/sites\/2\/2020\/02\/ramonescale-home-02-cropped.jpg);min-height:380px;aspect-ratio:unset;\"><div class=\"wp-block-cover__inner-container is-layout-flow wp-block-cover-is-layout-flow\">\n<h1 class=\"has-text-align-center wp-block-heading\"><em>Music &amp; Gospel Life Celebration<\/em>s<\/h1>\n\n\n\n<div class=\"wp-block-button aligncenter is-style-outline off-home-claim-derecha is-style-outline--1\"><a class=\"wp-block-button__link has-text-color has-very-light-gray-color\" href=\"https:\/\/ramonescale.com\/contact-me\/\">Contacta amb mi<\/a><\/div>\n<\/div><\/div>\n\n\n\n<div style=\"height:50px\" aria-hidden=\"true\" class=\"wp-block-spacer\"><\/div>\n\n\n\n<div class=\"wp-block-columns alignwide are-vertically-aligned-center is-layout-flex wp-container-core-columns-is-layout-9d6595d7 wp-block-columns-is-layout-flex\">\n<div class=\"wp-block-column is-vertically-aligned-center is-layout-flow wp-block-column-is-layout-flow\" style=\"flex-basis:50%\">\n<h2 class=\"wp-block-heading\"><strong>Musician. Orchestra &amp; Gospel Choir Conductor. Educator. Self soul seeker<\/strong><\/h2>\n<\/div>\n\n\n\n<div class=\"wp-block-column is-vertically-aligned-center is-layout-flow wp-block-column-is-layout-flow\" style=\"flex-basis:50%\">\n<p><em>&#8220;La m\u00fasica \u00e9s un meravell\u00f3s llenguatge universal que em permet compartir amb els altres qu\u00e8 sento i qui s\u00f3c, em comunica amb l\u2019altre de manera \u00edntima sense necessitat de massa pre\u00e0mbuls. Facilita la proximitat dels \u00e9ssers humans sense importar res m\u00e9s que aix\u00f2\u2026que tots som humans!\u2026nom\u00e9s i per aix\u00f2, ja s\u00f3c m\u00fasic!&#8221;<\/em><\/p>\n<\/div>\n<\/div>\n\n\n\n<div style=\"height:50px\" aria-hidden=\"true\" class=\"wp-block-spacer\"><\/div>\n\n\n\n<hr class=\"wp-block-separator\" \/>\n\n\n\n<div style=\"height:50px\" aria-hidden=\"true\" class=\"wp-block-spacer\"><\/div>\n\n\n\n<div class=\"wp-block-columns alignwide is-layout-flex wp-container-core-columns-is-layout-9d6595d7 wp-block-columns-is-layout-flex\">\n<div class=\"wp-block-column is-layout-flow wp-block-column-is-layout-flow\" style=\"flex-basis:30%\">\n<figure class=\"wp-block-image size-large is-style-circle-mask\"><img loading=\"lazy\" decoding=\"async\" width=\"1024\" height=\"1024\" src=\"https:\/\/ramonescale.com\/wp-content\/uploads\/sites\/2\/2019\/12\/ramonescale-about-me-00-1024x1024.jpg\" alt=\"\" class=\"wp-image-51\" srcset=\"https:\/\/ramonescale.com\/ca\/wp-content\/uploads\/sites\/2\/2019\/12\/ramonescale-about-me-00-1024x1024.jpg 1024w, https:\/\/ramonescale.com\/ca\/wp-content\/uploads\/sites\/2\/2019\/12\/ramonescale-about-me-00-300x300.jpg 300w, https:\/\/ramonescale.com\/ca\/wp-content\/uploads\/sites\/2\/2019\/12\/ramonescale-about-me-00-150x150.jpg 150w, https:\/\/ramonescale.com\/ca\/wp-content\/uploads\/sites\/2\/2019\/12\/ramonescale-about-me-00-768x769.jpg 768w, https:\/\/ramonescale.com\/ca\/wp-content\/uploads\/sites\/2\/2019\/12\/ramonescale-about-me-00-600x600.jpg 600w, https:\/\/ramonescale.com\/ca\/wp-content\/uploads\/sites\/2\/2019\/12\/ramonescale-about-me-00.jpg 1389w\" sizes=\"auto, (max-width: 1024px) 100vw, 1024px\" \/><\/figure>\n<\/div>\n\n\n\n<div class=\"wp-block-column is-vertically-aligned-center is-layout-flow wp-block-column-is-layout-flow\" style=\"flex-basis:70%\">\n<p>S\u00f3c m\u00fasic, en el sentit m\u00e9s ampli de la seva acepci\u00f3, em sento m\u00fasic, especialitzat en la diversitat, encara que finalment he trobat una m\u00fasica carregada d\u2019espiritualitat, el Gospel, que colma les meves inquietuds musicals i personals.<\/p>\n\n\n\n<p>El meu desig \u00e9s acostar-lo a tothom, ajudar a la projecci\u00f3 del seu missatge universal i ajudar a assumir el paper imprescindible de la m\u00fasica a la nostra vida, no tan sols com a consumidors passius sin\u00f3 com elements 100% actius. <\/p>\n<\/div>\n<\/div>\n\n\n\n<div style=\"height:50px\" aria-hidden=\"true\" class=\"wp-block-spacer\"><\/div>\n\n\n\n<div class=\"wp-block-cover alignfull has-background-dim-30 has-background-dim has-parallax\" style=\"background-image:url(https:\/\/ramonescale.com\/wp-content\/uploads\/sites\/2\/2019\/12\/RamonEscale\u0301-\u00a9-MartaRiera-157-de-159-scaled.jpg);background-color:#d0d600;min-height:368px;aspect-ratio:unset;\"><div class=\"wp-block-cover__inner-container is-layout-flow wp-block-cover-is-layout-flow\">\n<div class=\"wp-block-columns is-layout-flex wp-container-core-columns-is-layout-9d6595d7 wp-block-columns-is-layout-flex\">\n<div class=\"wp-block-column is-vertically-aligned-top is-layout-flow wp-block-column-is-layout-flow\" style=\"flex-basis:30.84%\">\n<div style=\"height:30px\" aria-hidden=\"true\" class=\"wp-block-spacer\"><\/div>\n\n\n\n<h2 class=\"has-text-align-center wp-block-heading\"><strong>Music &amp; Gospel<br>Life Celebrations<\/strong><\/h2>\n<\/div>\n\n\n\n<div class=\"wp-block-column is-vertically-aligned-top is-layout-flow wp-block-column-is-layout-flow\" style=\"flex-basis:64.16%\">\n<h2 class=\"has-text-align-center wp-block-heading\"><strong>Qu\u00e8 faig<\/strong><\/h2>\n\n\n\n<p class=\"has-text-align-center\">A trav\u00e9s de les diverses formes que adopten les meves activitats, ja siguin pedag\u00f2giques, concerts o organitzacions de trobades i festivals, et convido a sentir l\u2019alegria, l\u2019energia i l\u2019amor tranquil que generen aquests esdeveniments, es comparteixen i viuen de manera senzilla i natural, allunyats de sobreactuacions o mitomanies<\/p>\n<\/div>\n\n\n\n<div class=\"wp-block-column is-layout-flow wp-block-column-is-layout-flow\" style=\"flex-basis:5%\">\n<div style=\"height:50px\" aria-hidden=\"true\" class=\"wp-block-spacer\"><\/div>\n<\/div>\n<\/div>\n<\/div><\/div>\n\n\n\n<div style=\"height:50px\" aria-hidden=\"true\" class=\"wp-block-spacer\"><\/div>\n\n\n\n<div class=\"wp-block-columns alignwide is-layout-flex wp-container-core-columns-is-layout-9d6595d7 wp-block-columns-is-layout-flex\">\n<div class=\"wp-block-column is-layout-flow wp-block-column-is-layout-flow\">\n<h2 class=\"has-text-align-center wp-block-heading\"><strong>Formaci\u00f3<\/strong><\/h2>\n\n\n\n<p style=\"color:#d0d600\" class=\"has-text-color has-text-align-center\"><strong>La meva manera de viure i transmetre el gospel<\/strong><\/p>\n\n\n\n<div class=\"wp-block-image\"><figure class=\"aligncenter size-large is-resized\"><a href=\"https:\/\/ramonescale.com\/ca\/formacio\/\"><img loading=\"lazy\" decoding=\"async\" src=\"https:\/\/ramonescale.com\/ca\/wp-content\/uploads\/sites\/2\/2020\/05\/DSC_6319-1024x680.jpg\" alt=\"\" class=\"wp-image-665\" width=\"303\" height=\"201\" srcset=\"https:\/\/ramonescale.com\/ca\/wp-content\/uploads\/sites\/2\/2020\/05\/DSC_6319-1024x680.jpg 1024w, https:\/\/ramonescale.com\/ca\/wp-content\/uploads\/sites\/2\/2020\/05\/DSC_6319-300x199.jpg 300w, https:\/\/ramonescale.com\/ca\/wp-content\/uploads\/sites\/2\/2020\/05\/DSC_6319-768x510.jpg 768w, https:\/\/ramonescale.com\/ca\/wp-content\/uploads\/sites\/2\/2020\/05\/DSC_6319-1536x1020.jpg 1536w, https:\/\/ramonescale.com\/ca\/wp-content\/uploads\/sites\/2\/2020\/05\/DSC_6319-2048x1360.jpg 2048w\" sizes=\"auto, (max-width: 303px) 100vw, 303px\" \/><\/a><\/figure><\/div>\n\n\n\n<div class=\"wp-block-button aligncenter\"><a class=\"wp-block-button__link\" href=\"https:\/\/ramonescale.com\/ca\/formacio\/\">M\u00e9s formaci\u00f3<\/a><\/div>\n\n\n\n<p>El meu repte m\u00e9s gran ha estat el d\u2019integrar en la nostra idiosincr\u00e0sia \u201coccidental i blanca\u201d una cosa tan racial i de tradici\u00f3 com el gospel d\u2019arrel.&nbsp;<\/p>\n\n\n\n<p>Amb els anys, he anat desenvolupant una metodologia pr\u00f2pia basada en la interacci\u00f3 i la implicaci\u00f3 musical i emocional dels participants, fent servir recursos t\u00e8cnics i d\u2019interpretaci\u00f3 fruit de molts anys d\u2019investigaci\u00f3 i pr\u00e0ctica in situ.<\/p>\n\n\n\n<p> <\/p>\n<\/div>\n\n\n\n<div class=\"wp-block-column is-layout-flow wp-block-column-is-layout-flow\">\n<h2 class=\"has-text-align-center wp-block-heading\"><strong>Espectacles<\/strong><\/h2>\n\n\n\n<p style=\"color:#39b39d\" class=\"has-text-color has-text-align-center\"><strong>Converteix el gospel en una celebraci\u00f3 col.lectiva<\/strong><\/p>\n\n\n\n<div class=\"wp-block-image is-style-default\"><figure class=\"aligncenter size-medium\"><a href=\"https:\/\/ramonescale.com\/ca\/espectacles\/\"><img loading=\"lazy\" decoding=\"async\" width=\"300\" height=\"200\" src=\"https:\/\/ramonescale.com\/wp-content\/uploads\/sites\/2\/2020\/02\/home-shows-02-300x200.jpg\" alt=\"\" class=\"wp-image-337\" srcset=\"https:\/\/ramonescale.com\/ca\/wp-content\/uploads\/sites\/2\/2020\/02\/home-shows-02-300x200.jpg 300w, https:\/\/ramonescale.com\/ca\/wp-content\/uploads\/sites\/2\/2020\/02\/home-shows-02-1024x683.jpg 1024w, https:\/\/ramonescale.com\/ca\/wp-content\/uploads\/sites\/2\/2020\/02\/home-shows-02-768x512.jpg 768w, https:\/\/ramonescale.com\/ca\/wp-content\/uploads\/sites\/2\/2020\/02\/home-shows-02-1536x1024.jpg 1536w, https:\/\/ramonescale.com\/ca\/wp-content\/uploads\/sites\/2\/2020\/02\/home-shows-02-600x400.jpg 600w, https:\/\/ramonescale.com\/ca\/wp-content\/uploads\/sites\/2\/2020\/02\/home-shows-02.jpg 1920w\" sizes=\"auto, (max-width: 300px) 100vw, 300px\" \/><\/a><\/figure><\/div>\n\n\n\n<div class=\"wp-block-button aligncenter\"><a class=\"wp-block-button__link\" href=\"https:\/\/ramonescale.com\/ca\/espectacles\/\">M\u00e9s espectacles<\/a><\/div>\n\n\n\n<p>A trav\u00e9s de les diferents formacions que dirigeixo, he creat espectacles amb segell propi, tant a nivell de repertori, com de posada en escena i so col.lectiu, encaminant tot a un mateix a objectiu: Connectar!, posant tota la meva energia en fer desapar\u00e8ixer la barrera entre escenari i p\u00fablic, i fondre\u2019ns tots en una experi\u00e8ncia emocional i musical \u00fanica. <\/p>\n<\/div>\n\n\n\n<div class=\"wp-block-column is-layout-flow wp-block-column-is-layout-flow\">\n<h2 class=\"has-text-align-center wp-block-heading\"><strong>Events<\/strong><\/h2>\n\n\n\n<p style=\"color:#dd0063\" class=\"has-text-color has-text-align-center\"><strong>Viu des de dins la m\u00e0gia i l\u2019energia del gospel<\/strong><\/p>\n\n\n\n<div class=\"wp-block-image\"><figure class=\"aligncenter size-medium\"><a href=\"https:\/\/ramonescale.com\/ca\/events-i-fundacio\/\"><img loading=\"lazy\" decoding=\"async\" width=\"300\" height=\"200\" src=\"https:\/\/ramonescale.com\/wp-content\/uploads\/sites\/2\/2020\/02\/events-02-300x200.jpg\" alt=\"\" class=\"wp-image-339\" srcset=\"https:\/\/ramonescale.com\/ca\/wp-content\/uploads\/sites\/2\/2020\/02\/events-02-300x200.jpg 300w, https:\/\/ramonescale.com\/ca\/wp-content\/uploads\/sites\/2\/2020\/02\/events-02-1024x683.jpg 1024w, https:\/\/ramonescale.com\/ca\/wp-content\/uploads\/sites\/2\/2020\/02\/events-02-768x512.jpg 768w, https:\/\/ramonescale.com\/ca\/wp-content\/uploads\/sites\/2\/2020\/02\/events-02-1536x1024.jpg 1536w, https:\/\/ramonescale.com\/ca\/wp-content\/uploads\/sites\/2\/2020\/02\/events-02-600x400.jpg 600w, https:\/\/ramonescale.com\/ca\/wp-content\/uploads\/sites\/2\/2020\/02\/events-02.jpg 1920w\" sizes=\"auto, (max-width: 300px) 100vw, 300px\" \/><\/a><\/figure><\/div>\n\n\n\n<div class=\"wp-block-button aligncenter\"><a class=\"wp-block-button__link\" href=\"https:\/\/ramonescale.com\/ca\/events-i-fundacio\/\">M\u00e9s events<\/a><\/div>\n\n\n\n<p>Els esdeveniments de gospel en els que estic implicat com organitzador ja siguin festivals, &#8220;in house concerts&#8221;, meetings o qualsevol altre manifestaci\u00f3, s\u00f3n una invitaci\u00f3 a con\u00e8ixer el gospel d\u2019una manera festiva, totalment vivencial i oberta a tothom. <\/p>\n\n\n\n<p>Els participants s\u2019 endinsen de manera natural en el que \u00e9s l\u2019ess\u00e8ncia de tota manifestaci\u00f3 musical: la proximitat i la consci\u00e8ncia d\u2019\u00e9sser la part i el tot del mateix.<\/p>\n<\/div>\n<\/div>\n\n\n\n<hr class=\"wp-block-separator\" \/>\n\n\n\n<h2 class=\"has-text-align-center wp-block-heading\">Testimonis<\/h2>\n\n\n\n<div class=\"wp-block-columns alignwide is-layout-flex wp-container-core-columns-is-layout-9d6595d7 wp-block-columns-is-layout-flex\">\n<div class=\"wp-block-column is-layout-flow wp-block-column-is-layout-flow\">\n<blockquote class=\"wp-block-quote is-layout-flow wp-block-quote-is-layout-flow\"><p>\u00c9s rigor\u00f3s, apassionat i ha sabut envoltar-se de bona gent tant a nivell hum\u00e0 com professional. Li agrada entregar-se al p\u00fablic, \u00e9s valent, innovador, aut\u00e8ntic, simp\u00e0tic, magn\u00e8tic, sempre s\u2019est\u00e0 formant i reinventant-se. Pot ser que faci coses diferents per\u00f2 sempre ofereix qualitat i autenticitat.<\/p><cite>Olga Mart\u00ednez. Cantant, Esclat<\/cite><\/blockquote>\n<\/div>\n\n\n\n<div class=\"wp-block-column is-layout-flow wp-block-column-is-layout-flow\">\n<blockquote class=\"wp-block-quote is-layout-flow wp-block-quote-is-layout-flow\"><p>En Ramon \u00e9s un m\u00fasic molt complet: toca el piano, selecciona les can\u00e7ons amb criteri, el\u00b7labora les partitures, t\u00e9 molta o\u00efda, i enssenya molt b\u00e9 les can\u00e7ons (transmet molt b\u00e9 el ritme i tamb\u00e9 les notes), canta amb intenci\u00f3 i arriba. El que valoro molt \u00e9s que no li importa estar davant de persones sense formaci\u00f3 musical, perqu\u00e8 el que valora \u00e9s el que poden donar musicalment. I sempre aconsegueix un bon resultat, que tothom canti gospel amb ritme, en angl\u00e8s i b\u00e9 d\u2019afinaci\u00f3. \u00c9s exigent ja que t\u00e9 molt clar el que busca a nivell de ritme i so.<\/p><cite>Marta Vilajosana. Cantant<\/cite><\/blockquote>\n<\/div>\n\n\n\n<div class=\"wp-block-column is-layout-flow wp-block-column-is-layout-flow\">\n<blockquote class=\"wp-block-quote is-layout-flow wp-block-quote-is-layout-flow\"><p>\u00c9s un gran m\u00fasic i un pianista excel\u00b7lent. T\u00e9 un estil propi i sempre va un pas per davant de la resta que fan gospel al nostre pa\u00eds.<\/p><cite>Miquel Mir\u00f3. Alumne<\/cite><\/blockquote>\n<\/div>\n<\/div>\n","protected":false},"excerpt":{"rendered":"<p>Musician. Orchestra &amp; Gospel Choir Conductor. Educator. Self soul seeker &#8220;La m\u00fasica \u00e9s un meravell\u00f3s llenguatge universal que em permet compartir amb els altres qu\u00e8 sento i qui s\u00f3c, em comunica amb l\u2019altre de manera \u00edntima sense necessitat de massa pre\u00e0mbuls. Facilita la proximitat dels \u00e9ssers humans sense importar res m\u00e9s que aix\u00f2\u2026que tots som [&hellip;]<\/p>\n","protected":false},"author":1,"featured_media":0,"parent":0,"menu_order":0,"comment_status":"closed","ping_status":"closed","template":"","meta":{"_editorskit_title_hidden":false,"_editorskit_reading_time":3,"_editorskit_is_block_options_detached":false,"_editorskit_block_options_position":"{}","_genesis_hide_title":true,"_genesis_hide_breadcrumbs":false,"_genesis_hide_singular_image":false,"_genesis_hide_footer_widgets":false,"_genesis_custom_body_class":"","_genesis_custom_post_class":"","_genesis_layout":"","editor_notices":[],"footnotes":""},"class_list":{"0":"post-30","1":"page","2":"type-page","3":"status-publish","5":"entry"},"_links":{"self":[{"href":"https:\/\/ramonescale.com\/ca\/wp-json\/wp\/v2\/pages\/30","targetHints":{"allow":["GET"]}}],"collection":[{"href":"https:\/\/ramonescale.com\/ca\/wp-json\/wp\/v2\/pages"}],"about":[{"href":"https:\/\/ramonescale.com\/ca\/wp-json\/wp\/v2\/types\/page"}],"author":[{"embeddable":true,"href":"https:\/\/ramonescale.com\/ca\/wp-json\/wp\/v2\/users\/1"}],"replies":[{"embeddable":true,"href":"https:\/\/ramonescale.com\/ca\/wp-json\/wp\/v2\/comments?post=30"}],"version-history":[{"count":5,"href":"https:\/\/ramonescale.com\/ca\/wp-json\/wp\/v2\/pages\/30\/revisions"}],"predecessor-version":[{"id":751,"href":"https:\/\/ramonescale.com\/ca\/wp-json\/wp\/v2\/pages\/30\/revisions\/751"}],"wp:attachment":[{"href":"https:\/\/ramonescale.com\/ca\/wp-json\/wp\/v2\/media?parent=30"}],"curies":[{"name":"wp","href":"https:\/\/api.w.org\/{rel}","templated":true}]}}