{"id":422,"date":"2020-03-04T16:43:42","date_gmt":"2020-03-04T15:43:42","guid":{"rendered":"https:\/\/ramonescale.com\/?page_id=422"},"modified":"2021-03-24T13:14:03","modified_gmt":"2021-03-24T12:14:03","slug":"indians-cancons-danada-i-tornada","status":"publish","type":"page","link":"https:\/\/ramonescale.com\/ca\/espectacles\/indians-cancons-danada-i-tornada\/","title":{"rendered":"Indians, can\u00e7ons d\u2019anada i tornada"},"content":{"rendered":"\n<h2 class=\"has-text-align-center wp-block-heading\">Descripci\u00f3 de l&#8217;espectacle<\/h2>\n\n\n\n<p>S&#8217;anomenaven Indians els catalans que a finals del segle XIX i principis del XX, se\u2019n van anar a \u201cfer les Am\u00e8riques\u201d i recalant especialment a l\u2019illa de Cuba, alguns van fer fortuna, d\u2019altres, amb prou feines van aconseguir una vida millor de la que havien deixat enrere.<br>Els que van tornar rics van tenir un fort impacte en la societat catalana tant a nivell econ\u00f2mic com a nivell cultural i social.<br>Fos quina fos la seva sort, la seva empremta va deixar un fort lligam afectiu i cultural entre Cuba i Catalunya que, encara que s\u2019ha anat debilitant amb el pas del temps, s\u2019ha mantingut en alguns aspectes, especialment el musical.<br><\/p>\n\n\n\n<p><strong>\u201cIndians, can\u00e7ons d\u2019anada i tornada\u201d <\/strong>us convida a visitar les entranyables melodies del riqu\u00edssim llegat cub\u00e0 creades pels compositors tradicionals m\u00e9s representatius com Ernesto Lecuona, Israel L\u00f3pez Cachao, Bola de Nieve, Coralia L\u00f3pez -entre altres-. Tot passat pel nostre sed\u00e0s m\u00e9s mediterrani, impregnant la seva m\u00fasica d\u2019un so m\u00e9s contemporani de la m\u00e0 de Ramon Escal\u00e9 Latin Trio &amp; Camerata Bacasis.<\/p>\n\n\n\n<p><strong>Durada: <\/strong>75 minuts aprox.<\/p>\n\n\n\n<h3 class=\"wp-block-heading\"><strong>Formaci\u00f3<\/strong>:<\/h3>\n\n\n\n<p>Ramon Escal\u00e9 Latin Trio &amp; Camerata Bacasis<\/p>\n\n\n\n<ul class=\"wp-block-list\"><li><strong>Idea original, direcci\u00f3 i arranjaments: <\/strong>Ramon Escal\u00e9<\/li><li><strong>Direcci\u00f3 Camerata Bacasis: <\/strong>Jordi Coll.<\/li><li><strong>Veu solista: <\/strong>Marta Riera<\/li><li><strong>Ukelele Bass: <\/strong>Isaac Coll<\/li><li><strong>Percussi\u00f3: <\/strong>Andreu Moreno<\/li><li><strong>Piano i direcci\u00f3:<\/strong> Ramon Escal\u00e9<\/li><\/ul>\n\n\n\n<h3 class=\"wp-block-heading\">Videos:<\/h3>\n\n\n\n<p><strong>Isora Club, Kursaal Manresa, 2018:<\/strong><\/p>\n\n\n\n<figure class=\"wp-block-embed is-type-video is-provider-youtube wp-block-embed-youtube wp-embed-aspect-16-9 wp-has-aspect-ratio\"><div class=\"wp-block-embed__wrapper\">\n<iframe loading=\"lazy\" title=\"Isora Club (Coralia L\u00f3pez) Indians, can\u00e7ons d&#039;anada i tornada. Ramon Escal\u00e9 Trio &amp; Camerata Bacasis\" width=\"700\" height=\"394\" src=\"https:\/\/www.youtube.com\/embed\/uuz9IPxeg68?feature=oembed\" frameborder=\"0\" allow=\"accelerometer; autoplay; clipboard-write; encrypted-media; gyroscope; picture-in-picture\" allowfullscreen><\/iframe>\n<\/div><\/figure>\n\n\n\n<p><strong>La Media Vuelta, Kursaal Manresa, 2018<\/strong><\/p>\n\n\n\n<figure class=\"wp-block-embed is-type-video is-provider-youtube wp-block-embed-youtube wp-embed-aspect-16-9 wp-has-aspect-ratio\"><div class=\"wp-block-embed__wrapper\">\n<iframe loading=\"lazy\" title=\"La media vuelta ( Jos\u00e9 Alfredo Jim\u00e9nez) Ramon Escal\u00e9 LatinTrio &amp; Camerata Bacacis &amp; Marta Riera\" width=\"700\" height=\"394\" src=\"https:\/\/www.youtube.com\/embed\/9B6rTlkrSWA?feature=oembed\" frameborder=\"0\" allow=\"accelerometer; autoplay; clipboard-write; encrypted-media; gyroscope; picture-in-picture\" allowfullscreen><\/iframe>\n<\/div><\/figure>\n","protected":false},"excerpt":{"rendered":"<p>Descripci\u00f3 de l&#8217;espectacle S&#8217;anomenaven Indians els catalans que a finals del segle XIX i principis del XX, se\u2019n van anar a \u201cfer les Am\u00e8riques\u201d i recalant especialment a l\u2019illa de Cuba, alguns van fer fortuna, d\u2019altres, amb prou feines van aconseguir una vida millor de la que havien deixat enrere.Els que van tornar rics van [&hellip;]<\/p>\n","protected":false},"author":1,"featured_media":0,"parent":290,"menu_order":0,"comment_status":"closed","ping_status":"closed","template":"","meta":{"_editorskit_title_hidden":false,"_editorskit_reading_time":1,"_editorskit_is_block_options_detached":false,"_editorskit_block_options_position":"{}","_genesis_hide_title":false,"_genesis_hide_breadcrumbs":false,"_genesis_hide_singular_image":false,"_genesis_hide_footer_widgets":false,"_genesis_custom_body_class":"","_genesis_custom_post_class":"","_genesis_layout":"","editor_notices":[],"footnotes":""},"class_list":{"0":"post-422","1":"page","2":"type-page","3":"status-publish","5":"entry"},"_links":{"self":[{"href":"https:\/\/ramonescale.com\/ca\/wp-json\/wp\/v2\/pages\/422","targetHints":{"allow":["GET"]}}],"collection":[{"href":"https:\/\/ramonescale.com\/ca\/wp-json\/wp\/v2\/pages"}],"about":[{"href":"https:\/\/ramonescale.com\/ca\/wp-json\/wp\/v2\/types\/page"}],"author":[{"embeddable":true,"href":"https:\/\/ramonescale.com\/ca\/wp-json\/wp\/v2\/users\/1"}],"replies":[{"embeddable":true,"href":"https:\/\/ramonescale.com\/ca\/wp-json\/wp\/v2\/comments?post=422"}],"version-history":[{"count":5,"href":"https:\/\/ramonescale.com\/ca\/wp-json\/wp\/v2\/pages\/422\/revisions"}],"predecessor-version":[{"id":737,"href":"https:\/\/ramonescale.com\/ca\/wp-json\/wp\/v2\/pages\/422\/revisions\/737"}],"up":[{"embeddable":true,"href":"https:\/\/ramonescale.com\/ca\/wp-json\/wp\/v2\/pages\/290"}],"wp:attachment":[{"href":"https:\/\/ramonescale.com\/ca\/wp-json\/wp\/v2\/media?parent=422"}],"curies":[{"name":"wp","href":"https:\/\/api.w.org\/{rel}","templated":true}]}}