{"id":427,"date":"2020-03-04T16:51:02","date_gmt":"2020-03-04T15:51:02","guid":{"rendered":"https:\/\/ramonescale.com\/?page_id=427"},"modified":"2020-06-11T11:30:09","modified_gmt":"2020-06-11T09:30:09","slug":"gospel-meets-latin","status":"publish","type":"page","link":"https:\/\/ramonescale.com\/ca\/espectacles\/gospel-meets-latin\/","title":{"rendered":"Gospel Meets Latin"},"content":{"rendered":"\n<h2 class=\"has-text-align-center wp-block-heading\">Descripci\u00f3 de l&#8217;espectacle<\/h2>\n\n\n\n<p>La Barcelona Big Latin Band, els Messengers i els London Community Gospel Choir presenten un nou i engrescador projecte: partint de temes tradicionals i contemporanis del gospel, s\u2019evoluciona cap a arranjaments atrevits i espectaculars que transformen les arrels del gospel&nbsp; en una nova sonoritat on els c\u00e0ntics d&#8217;esgl\u00e9sia, els al\u00b7leluies i els am\u00e9n assoleixen una saborosa pot\u00e8ncia al ritme de la clave, els timbals i la desc\u00e0rrega.<\/p>\n\n\n\n<p>L&#8217;agosarada idea de combinar un dels m\u00e9s poderosos cors de gospel de la Commonwealth, amb la volc\u00e0nica Big Latin Band i amb un dels cors locals de m\u00e9s qualitat i m\u00e9s vers\u00e0tils, converteixen aquest espectacle en un vibrant temple del ritme. Bazil Meade i Ramon Escal\u00e9, art\u00edfexs d&#8217;aquesta majestuosa profanaci\u00f3, s&#8217;han guanyat un tros de cel en el seu meritori entestament a dur a bon port dos mons tan aparentment antit\u00e8tics.<\/p>\n\n\n\n<p>Acomodar els cl\u00e0ssics del g\u00e8nere gospel a la din\u00e0mica llatina podria esdevenir un repte dif\u00edcil de superar, per\u00f2 gr\u00e0cies a la solv\u00e8ncia d&#8217;uns m\u00fasics capdavanters del jazz estatal, la predisposici\u00f3 d&#8217;unes extraordin\u00e0ries veus reconegudes mundialment, adaptables a tot tipus de registres i uns arranjaments que concedeixen naturalitat i frescor a aquest matrimoni de conveni\u00e8ncia, tan agosarada proposta s&#8217;enlaira i transmet la m\u00e0gia del seu vol.<\/p>\n\n\n\n<p>En el repertori trobem temes originals Bazil Meade , director dels LCGC i tamb\u00e9 temes tradicionals&nbsp; vestits pels arranjaments en clau llatina de Ramon Escal\u00e9, fervent coneixedor dels spirituals afroamericans.<\/p>\n\n\n\n<p>Benny Mor\u00e9 i Mahalia Jackson somreien des del m\u00e9s enll\u00e0\u2026..(Pere Pons. Diari Avui)<\/p>\n\n\n\n<p><strong>Durada: <\/strong>90 minuts aprox.<\/p>\n\n\n\n<h3 class=\"wp-block-heading\"><strong>Formaci\u00f3<\/strong>:<\/h3>\n\n\n\n<p>Barcelona Big Latin Band and the London Community Gospel Choir<\/p>\n\n\n\n<ul class=\"wp-block-list\"><li><strong>Piano i direcci\u00f3:<\/strong> Ramon Escal\u00e9<\/li><li><strong>Trombone:<\/strong> Albert Costa<\/li><li><strong>Bass trombone: <\/strong>Sergi Verg\u00e9s<\/li><li><strong>Trumpet: <\/strong>David Pastor<\/li><li><strong>Trumpet: <\/strong>Jaume Pe\u00f1a<\/li><li><strong>Trumpet &amp; flugelhorn:<\/strong> Llu\u00eds Figuerola<\/li><li><strong>Alto sax &amp; flute: <\/strong>V\u00edctor de Diego<\/li><li><strong>Tenor sax &amp; flute:<\/strong> Gorka Ben\u00edtez<\/li><li><strong>Tenor sax &amp; soprano sax: <\/strong>Mart\u00ed Serra<\/li><li><strong>Baritone sax &amp; clarinet: <\/strong>Jaume Badrenas<\/li><li><strong>Bass: <\/strong>Isaac Coll<\/li><li><strong>Paila:<\/strong> \u00c0lex Ventura<\/li><li><strong>Conga: <\/strong>Vicen\u00e7 Soler<\/li><li><strong>Bong\u00f3: <\/strong>Quino B\u00e9jar<\/li><\/ul>\n\n\n\n<h3 class=\"wp-block-heading\"><strong>Discografia<\/strong>:<\/h3>\n\n\n\n<ul class=\"wp-block-list\"><li>Live ! Festival de Jazz de Barcelona (1997)<\/li><li>Bueno pa gozar (2001)<\/li><li>Suite Llatina 0.7 (2004)<\/li><li>Pavana Club ( 2013)<\/li><li>Gospel meets Latin (2019)<\/li><\/ul>\n\n\n\n<h3 class=\"wp-block-heading\">Videos:<\/h3>\n\n\n\n<p><strong>Teaser. Teatre Grec Montju\u00efc. Juliol 2019:&nbsp;<\/strong><\/p>\n\n\n\n<figure class=\"wp-block-embed-youtube wp-block-embed is-type-video is-provider-youtube wp-embed-aspect-16-9 wp-has-aspect-ratio\"><div class=\"wp-block-embed__wrapper\">\n<iframe loading=\"lazy\" title=\"GOSPEL MEETS LATIN. Teaser. Teatre Grec (Barcelona) 23 de juliol del 2019\" width=\"700\" height=\"394\" src=\"https:\/\/www.youtube.com\/embed\/auwmMS5GB4U?feature=oembed\" frameborder=\"0\" allow=\"accelerometer; autoplay; encrypted-media; gyroscope; picture-in-picture\" allowfullscreen><\/iframe>\n<\/div><\/figure>\n\n\n\n<p><strong>Full concert. Teatre Grec Montju\u00efc. Juliol 2019:&nbsp;<\/strong><\/p>\n\n\n\n<figure class=\"wp-block-embed-youtube wp-block-embed is-type-video is-provider-youtube wp-embed-aspect-16-9 wp-has-aspect-ratio\"><div class=\"wp-block-embed__wrapper\">\n<iframe loading=\"lazy\" title=\"GOSPEL MEETS LATIN (Full Concert) London Community GC\/Messengers\/ Bcn Big Latin Band. 23\/07\/2019\" width=\"700\" height=\"394\" src=\"https:\/\/www.youtube.com\/embed\/j4CMzHquA_s?feature=oembed\" frameborder=\"0\" allow=\"accelerometer; autoplay; encrypted-media; gyroscope; picture-in-picture\" allowfullscreen><\/iframe>\n<\/div><\/figure>\n\n\n\n<hr class=\"wp-block-separator\" \/>\n\n\n\n<h2 class=\"has-text-align-center wp-block-heading\">Mitjans especialitzats<\/h2>\n\n\n\n<div class=\"wp-block-columns alignwide is-layout-flex wp-container-core-columns-is-layout-9d6595d7 wp-block-columns-is-layout-flex\">\n<div class=\"wp-block-column is-layout-flow wp-block-column-is-layout-flow\">\n<blockquote class=\"wp-block-quote is-layout-flow wp-block-quote-is-layout-flow\"><p>\u201cEn el Latin Jazz, com en qualsevol altre g\u00e8nere musical, de vegades apareixen grans obres all\u00e0 on menys s\u2019esperen. La \u2018Suite Llatina 0.7\u2019 original del pianista Ramon Escal\u00e9, interpretada per la seva orquestra, la Barcelona Big Latin Band, n\u2019\u00e9s un recent exemple\u201d<\/p><cite>Jazz magazine<br>Luc Delannoy<\/cite><\/blockquote>\n<\/div>\n\n\n\n<div class=\"wp-block-column is-layout-flow wp-block-column-is-layout-flow\">\n<blockquote class=\"wp-block-quote is-layout-flow wp-block-quote-is-layout-flow\"><p>\u201cEl m\u00e9s sorprenent del nou treball de la Barcelona Big Latin Band \u00e9s la incre\u00efble i reeixida integraci\u00f3 de l\u2019edat daurada del Jazz. A m\u00e9s, est\u00e0 barrejat amb Spirituals de la tradici\u00f3 religiosa de la m\u00fasica afroamericana. I tot aix\u00f2, sense perdre el toc llat\u00ed. \u2018Gospel meets Latin\u2019 \u00e9s un espectacle ple d\u2019improvisaci\u00f3 i aclaparadors solos\u201d<\/p><cite>Jazzbufalo.com<br>Lu\u00eds Moreno<\/cite><\/blockquote>\n<\/div>\n\n\n\n<div class=\"wp-block-column is-layout-flow wp-block-column-is-layout-flow\">\n<blockquote class=\"wp-block-quote is-layout-flow wp-block-quote-is-layout-flow\"><p>\u201cLa Barcelona Big Latin Band brilla en les seves composicions, brilla en els seus arranjaments y brilla en la qualitat dels seus grans m\u00fasics, molts dels quals s\u00f3n primeres espases del jazz nacional. El treball est\u00e0 enregistrat en directe, cosa que no hauria d\u2019\u00e9sser ignorada ja que subratlla la mestria d\u2019aquests m\u00fasics que ofereixen una interpretaci\u00f3 esc\u00e8nica a tenir molt en compte.\u201d<\/p><cite>Tomajazz.com<br>Carlos P\u00e9rez<\/cite><\/blockquote>\n<\/div>\n<\/div>\n\n\n\n<hr class=\"wp-block-separator\" \/>\n\n\n\n<h2 class=\"has-text-align-center wp-block-heading\">Mitjans internacionals<\/h2>\n\n\n\n<div class=\"wp-block-columns alignwide is-layout-flex wp-container-core-columns-is-layout-9d6595d7 wp-block-columns-is-layout-flex\">\n<div class=\"wp-block-column is-layout-flow wp-block-column-is-layout-flow\">\n<blockquote class=\"wp-block-quote is-layout-flow wp-block-quote-is-layout-flow\"><p>\u201cBazil Meade va fundar el London Community Gospel Choir fa 28 anys i actualment est\u00e0 disfrutant un moment daurat, encap\u00e7alant un moviment de gran afici\u00f3 per la m\u00fasica coral en general i per les grans harmonies vocals en particular. Aquest concert marca el llan\u00e7ament del 10\u00e8 album de la formaci\u00f3, Glorious, amb uns temes i arranjaments vocals que no deixen indiferent a ning\u00fa.\u201d<\/p><cite>The Independent<br>Thursday, 6 May 2010<br>Piers Ford<\/cite><\/blockquote>\n<\/div>\n\n\n\n<div class=\"wp-block-column is-layout-flow wp-block-column-is-layout-flow\">\n<blockquote class=\"wp-block-quote is-layout-flow wp-block-quote-is-layout-flow\"><p>\u201cNo es pot escoltar al London Community Gospel Choir (LCGC) sense moure\u2019s o somriure. Tothom, sense importar l\u2019edat, va estar cantant i picant de mans tota l\u2019estona. \u00c9s la seva m\u00fasica la que provoca aix\u00f2\u201d<\/p><cite>The Guardian<br>John L Walters<br>Saturday 5 January 2002<\/cite><\/blockquote>\n<\/div>\n<\/div>\n\n\n\n<hr class=\"wp-block-separator\" \/>\n\n\n\n<h2 class=\"has-text-align-center wp-block-heading\">Mitjans nacionals<\/h2>\n\n\n\n<blockquote class=\"wp-block-quote is-layout-flow wp-block-quote-is-layout-flow\"><p>Un pu\u0301blic devot del cant dels a\u0300ngels i els ritmes llatins va celebrar dijous una clausura gloriosa i celestial per a una nova edicio\u0301 del San Miguel Mas i Mas Festival. L&#8217;agosarada idea de combinar un dels me\u0301s poderosos cors de gospel de la Commonwealth amb la volca\u0300nica Big Latin Band del Jamboree va convertir el palau en un vibrant temple del ritme.<br>Ramon Escale\u0301, arti\u0301fex d&#8217;aquesta majestuosa profanacio\u0301, s&#8217;ha guanyat un tros de cel en el seu meritori entestament a dur a bon port dos mons tan aparentment antite\u0300tics. Com a director de la Jamboree Big Latin Band i fervent coneixedor dels espirituals afroamericans, Escale\u0301 ha confegit una proposta en que\u0300 els ca\u0300ntics d&#8217;esgle\u0301sia, els al\u00b7leluies i els ame\u0301n assoleixen una saborosa pote\u0300ncia al ritme del claveci\u0301, els timbals i la desca\u0300rrega.<br>Acomodar els cla\u0300ssics del ge\u0300nere gospel a la dina\u0300mica salsera podria derivar en un pastitx de difi\u0301cil digestio\u0301, pero\u0300 e\u0301s gra\u0300cies a la solve\u0300ncia d&#8217;uns mu\u0301sics de primera, la predisposicio\u0301 d&#8217;unes veus adaptables a tot tipus de registres i, sobretot, uns arranjaments que concedeixen naturalitat i frescor a aquest matrimoni de convenie\u0300ncia com tan temera\u0300ria proposta en lloc de defallir s&#8217;enlaira i transmet la ma\u0300gia del seu vol.<br>Tot i que la vetllada va arrencar amb protestes del segon pis per problemes de so, tan bon punt les nou veus i els catorze instrumentistes van trobar el seu lloc a la taula del te\u0300cnic, la festa va ser imparable. Amb el pu\u0301blic picant de mans i aixecat del seient, fins i tot les esta\u0300tues semblaven adquirir moviment en aquell temple modernista convertit en salo\u0301 de ball.<\/p><p>Benny More\u0301 i Mahalia Jackson somreien des del me\u0301s enlla\u0300.<\/p><p>The London Community Gospel Choir &amp; The Jamboree Big Latin Band Mas i Mas Festival. Palau de la Mu\u0301sica, 1 de setembre<\/p><cite>Diari Avui<br>Bazil Meade i Escale\u0301 cap al cel<br>05\/09\/11 02:00 &#8211; PERE PONS<\/cite><\/blockquote>\n\n\n\n<div class=\"wp-block-columns alignwide is-layout-flex wp-container-core-columns-is-layout-9d6595d7 wp-block-columns-is-layout-flex\">\n<div class=\"wp-block-column is-layout-flow wp-block-column-is-layout-flow\">\n<blockquote class=\"wp-block-quote is-layout-flow wp-block-quote-is-layout-flow\"><p>\u201cLa gran atracci\u00f3 de la nit: la presentaci\u00f3 de la \u201cSuite Llatina 0.7\u201c escrita i arranjada per Ramon Escal\u00e9, pianista i l\u00edder de la Big Latin Band, una banda d\u2019inq\u00fcestionable sabor.\u201d<\/p><cite>La Vanguardia<br>Donat Putx<\/cite><\/blockquote>\n<\/div>\n\n\n\n<div class=\"wp-block-column is-layout-flow wp-block-column-is-layout-flow\">\n<blockquote class=\"wp-block-quote is-layout-flow wp-block-quote-is-layout-flow\"><p>\u201cEl pianista Ramon Escal\u00e9, l\u00edder de la banda i autor de la seva m\u00fasica, ha aconseguit un producte s\u00f2lid que ja vola pel seu compte. Li augurem un brillant futur\u201d<\/p><cite>El Pa\u00eds<br>Miquel Jurado<\/cite><\/blockquote>\n<\/div>\n\n\n\n<div class=\"wp-block-column is-layout-flow wp-block-column-is-layout-flow\">\n<blockquote class=\"wp-block-quote is-layout-flow wp-block-quote-is-layout-flow\"><p>\u201cGran nit amb un poder\u00f3s i impressionant espectacle\u201d<\/p><cite>El Peri\u00f3dico<br>Joan Anton Cararach<\/cite><\/blockquote>\n<\/div>\n<\/div>\n","protected":false},"excerpt":{"rendered":"<p>Descripci\u00f3 de l&#8217;espectacle La Barcelona Big Latin Band, els Messengers i els London Community Gospel Choir presenten un nou i engrescador projecte: partint de temes tradicionals i contemporanis del gospel, s\u2019evoluciona cap a arranjaments atrevits i espectaculars que transformen les arrels del gospel&nbsp; en una nova sonoritat on els c\u00e0ntics d&#8217;esgl\u00e9sia, els al\u00b7leluies i els [&hellip;]<\/p>\n","protected":false},"author":1,"featured_media":0,"parent":290,"menu_order":0,"comment_status":"closed","ping_status":"closed","template":"","meta":{"_editorskit_title_hidden":false,"_editorskit_reading_time":4,"_editorskit_is_block_options_detached":false,"_editorskit_block_options_position":"{}","_genesis_hide_title":false,"_genesis_hide_breadcrumbs":false,"_genesis_hide_singular_image":false,"_genesis_hide_footer_widgets":false,"_genesis_custom_body_class":"","_genesis_custom_post_class":"","_genesis_layout":"","editor_notices":[],"footnotes":""},"class_list":{"0":"post-427","1":"page","2":"type-page","3":"status-publish","5":"entry"},"_links":{"self":[{"href":"https:\/\/ramonescale.com\/ca\/wp-json\/wp\/v2\/pages\/427","targetHints":{"allow":["GET"]}}],"collection":[{"href":"https:\/\/ramonescale.com\/ca\/wp-json\/wp\/v2\/pages"}],"about":[{"href":"https:\/\/ramonescale.com\/ca\/wp-json\/wp\/v2\/types\/page"}],"author":[{"embeddable":true,"href":"https:\/\/ramonescale.com\/ca\/wp-json\/wp\/v2\/users\/1"}],"replies":[{"embeddable":true,"href":"https:\/\/ramonescale.com\/ca\/wp-json\/wp\/v2\/comments?post=427"}],"version-history":[{"count":14,"href":"https:\/\/ramonescale.com\/ca\/wp-json\/wp\/v2\/pages\/427\/revisions"}],"predecessor-version":[{"id":671,"href":"https:\/\/ramonescale.com\/ca\/wp-json\/wp\/v2\/pages\/427\/revisions\/671"}],"up":[{"embeddable":true,"href":"https:\/\/ramonescale.com\/ca\/wp-json\/wp\/v2\/pages\/290"}],"wp:attachment":[{"href":"https:\/\/ramonescale.com\/ca\/wp-json\/wp\/v2\/media?parent=427"}],"curies":[{"name":"wp","href":"https:\/\/api.w.org\/{rel}","templated":true}]}}