{"id":379,"date":"2020-03-04T11:38:01","date_gmt":"2020-03-04T10:38:01","guid":{"rendered":"https:\/\/ramonescale.com\/curriculum\/"},"modified":"2025-09-22T13:19:40","modified_gmt":"2025-09-22T11:19:40","slug":"bio","status":"publish","type":"page","link":"https:\/\/ramonescale.com\/es\/bio\/","title":{"rendered":"Bio"},"content":{"rendered":"\n<p>Director, pianista, compositor y arreglista. Manresa 1959.<\/p>\n\n\n\n<p>T\u00edtulo Superior de M\u00fasica en la Escuela Superior de M\u00fasica de Catalunya. 2010.<\/p>\n\n\n\n<h3 class=\"wp-block-heading\">Direcci\u00f3n<\/h3>\n\n\n\n<ul class=\"wp-block-list\">\n<li><strong>Barcelona Gospel Messengers<\/strong> ( Bcn). Des del 2008. Fundador<\/li>\n\n\n\n<li><strong>Esclat Gospel Singers<\/strong> (Manresa). 2000\/2025. Fundador<\/li>\n\n\n\n<li><strong>Goizargi Gospel Choir <\/strong>( Euskadi). Des del 2017. Fundador<\/li>\n\n\n\n<li><strong>Cors de Gospel del Conservatori del Liceu<\/strong> (Barcelona). 2008\/ 2019.<\/li>\n\n\n\n<li><strong>Barcelona Big Latin Band<\/strong>. Des del 1996. Fundador<\/li>\n<\/ul>\n\n\n\n<h3 class=\"wp-block-heading\">Creador, director y arreglista de espect\u00e1culos<\/h3>\n\n\n\n<ul class=\"wp-block-list\">\n<li><strong><strong><a class=\"ek-link\" href=\"https:\/\/ramonescale.com\/ca\/espectacles\/simfonic-gospel\/\">Symphonic Gospel<\/a><\/strong>. <\/strong>Banda Simf\u00f2nica &amp; Bcn Gospel Messengers<\/li>\n\n\n\n<li><strong>To Amy.<\/strong> Andrea Motis &amp; Bcn Gospel Messengers<\/li>\n\n\n\n<li><a href=\"https:\/\/ramonescale.com\/ca\/espectacles\/gospel-meets-flamenco\/\" class=\"ek-link\"><strong>Gospel meets Flamenco<\/strong><\/a>. The Lamento. Ramon Escal\u00e9 Group<\/li>\n\n\n\n<li><strong><strong><a href=\"https:\/\/ramonescale.com\/ca\/espectacles\/listen-to-the-music\/\" class=\"ek-link\">Listen to the music!<\/a>. <\/strong><\/strong>Bcn Gospel Messengers<\/li>\n\n\n\n<li><strong><strong><a href=\"https:\/\/ramonescale.com\/ca\/espectacles\/indians-cancons-danada-i-tornada\/\" class=\"ek-link\">Indians. M\u00fasica d\u2019anada i tornada<\/a><\/strong> . <\/strong>Strings Camerata Bacasis, RE Latin trio and Marta Riera<\/li>\n\n\n\n<li><strong><strong><a href=\"https:\/\/ramonescale.com\/ca\/espectacles\/gospel-meets-latin\/\" class=\"ek-link\">Gospel meets Latin<\/a>. <\/strong><\/strong>London Community Gospel Choir, Messengers and Barcelona Big Latin Band<\/li>\n\n\n\n<li><strong><strong><a href=\"https:\/\/ramonescale.com\/ca\/espectacles\/from-the-heart-of-africa\/\">From the Heart of Africa<\/a>. <\/strong><\/strong>Esclat Gospel Singers &amp; Barcelona Big Latin Band<\/li>\n\n\n\n<li><strong>One Heart Concerts<\/strong><\/li>\n\n\n\n<li><strong><strong>Pavana Club. <\/strong><\/strong>Barcelona Big Latin Band<\/li>\n\n\n\n<li><strong><strong>Be Here Now. George Harrison Tribute. <\/strong><\/strong>Bcn Gospel Messengers<\/li>\n\n\n\n<li><strong><strong>Suite Llatina 0.7. <\/strong><\/strong>Barcelona Big Latin Band<\/li>\n\n\n\n<li><strong><strong>From roots to Heaven. <\/strong><\/strong>Esclat Gospel Singers &amp; Kessengue Ensemble<\/li>\n<\/ul>\n\n\n\n<h3 class=\"wp-block-heading\">Colaboraciones art\u00edsticas<\/h3>\n\n\n\n<ul class=\"wp-block-list\">\n<li><strong>Gospel:<\/strong>\n<ul class=\"wp-block-list\">\n<li><strong>Bazil Meade &amp; London Community Gospel Choir<\/strong> (UK), <strong>Didier Likeng<\/strong> (BEL), <strong>Donald Lawrence<\/strong> (USA), <strong>Theresa Kis<\/strong> (Congo) <strong>Smokie Norful<\/strong> (USA), <strong>Daniel Thomas<\/strong> (UK), <strong>Linda Tillery &amp; the Cultural Heritage Choir<\/strong> (USA). <strong>Andrea Encinas<\/strong> (UK), <strong>Isaac Cates <\/strong>(USA), <strong>Lurine Cato<\/strong> (UK), <strong>Trey McLaughlin and The Sounds of Zamar <\/strong>(USA), <strong>Monica Bernassola<\/strong> (It\u00e0lia ), <strong>Jason Taylor<\/strong> (USA), <strong>Rosemary Cosby<\/strong> (USA), <strong>James Numbere<\/strong> (NIG)<\/li>\n<\/ul>\n<\/li>\n\n\n\n<li><strong>Latin jazz:<\/strong>\n<ul class=\"wp-block-list\">\n<li><strong>Barcelona Big Latin Band<\/strong> &amp; <strong>Chucho Vald\u00e9s, Omara Portuondo, Paquito d\u2019Rivera, Jerry Gonz\u00e1lez, Lucrecia, Telva Rojas, Jos\u00e9 Lu\u00eds Cort\u00e9s \u201cEl Tosco\u201d.<\/strong><\/li>\n<\/ul>\n<\/li>\n\n\n\n<li><strong>Otros:<\/strong>\n<ul class=\"wp-block-list\">\n<li><strong><strong><strong><strong>Banda Municipal de Barcelona, La Locomotora Negra, Spanish Brass Quintet, Andrea Motis, Banda Municipal de Val\u00e8ncia, Dagoll Dagom, Big Mama, Jordi Molina, La Vella Dixieland, Banda Municipal de Bilbao, Banda de la Lira Ampostina, Paula Dom\u00ednguez, Els Comediants<\/strong>, <strong>Camerata Bacasis<\/strong>, <strong>Raimon, Txarango<\/strong>, <strong>Cor Jove Amics de la Uni\u00f3<\/strong><\/strong><\/strong><\/strong><\/li>\n<\/ul>\n<\/li>\n<\/ul>\n\n\n\n<h3 class=\"wp-block-heading\">Productor y director de:<\/h3>\n\n\n\n<ul class=\"wp-block-list\">\n<li><a class=\"ek-link\" href=\"https:\/\/ramonescale.com\/es\/eventos-fundacion\/campus-gospel-rajadell\/\"><strong>Campus Gospel Rajadel. <\/strong>19 editions.<\/a><\/li>\n\n\n\n<li><a class=\"ek-link\" href=\"https:\/\/ramonescale.com\/es\/eventos-fundacion\/one-heart-gospel-festival\/\"><strong>One Heart Gospel Festival.<\/strong> <strong>\u00a0<\/strong>5 editions.<\/a><\/li>\n\n\n\n<li><strong>Unity. 400 voices for peace. <\/strong>First edition on 2018.&nbsp;<\/li>\n\n\n\n<li><strong>Zuia Gospel Camp. <\/strong>First edition on 2022.&nbsp;<\/li>\n\n\n\n<li><strong>Unity. Clasijazz Gospel Festival<\/strong>. First edition on 2026<\/li>\n<\/ul>\n\n\n\n<h3 class=\"wp-block-heading\">Colaboraciones sociales:<\/h3>\n\n\n\n<ul class=\"wp-block-list\">\n<li><strong>Great Gospel Singers<\/strong> at Chazon Children Center a Molo (Kenya)<\/li>\n\n\n\n<li><strong>Safari Children\u2019s Choir <\/strong>at New life School. Entebbe (Uganda)<\/li>\n<\/ul>\n\n\n\n<h3 class=\"wp-block-heading\">Pedagogia. Director y fundador:<\/h3>\n\n\n\n<ul class=\"wp-block-list\">\n<li><strong>Messengers Gospel College <\/strong>(Barcelona) 2014-2019.<\/li>\n\n\n\n<li><strong>Izar Gospel Unity<\/strong> (Euskadi) Desde 2019.<\/li>\n\n\n\n<li><strong>Arteta Gospel School<\/strong> (Barakaldo) 2017-2019<\/li>\n\n\n\n<li><strong>Conservatorio Superior del Liceu.<\/strong> Profesor del Coro Gospel. 2006-2019.<\/li>\n\n\n\n<li><strong><a class=\"ek-link\" href=\"https:\/\/ramonescale.com\/es\/formacion\/workshops\/\">Workshops<\/a>: <\/strong>He impartido m\u00e1s de 400 workshops mayoritariamente en Catalunya, pero tambi\u00e9n en Menorca, Madrid, Sevilla, Vitoria, Mallorca, Burgos, Val\u00e8ncia, Almer\u00eda, Miranda de Ebro, Bilbao, Barakaldo, Getxo, Portugalete, Plentzia, Eivissa, Tenerife, Lanzarote, La Palma, Pamplona, as\u00ed como en Alemania, Francia, Italia, Suiza, Cerde\u00f1a, Inglaterra, Kenya i Uganda.<br><\/li>\n<\/ul>\n\n\n\n<h3 class=\"wp-block-heading\">Colaboraciones pedag\u00f3gicas Internacionales<\/h3>\n\n\n\n<ul class=\"wp-block-list\">\n<li><strong>British Gospel Arts<\/strong> (London)<\/li>\n\n\n\n<li><strong>Music Mission Trips<\/strong> (USA)<\/li>\n<\/ul>\n\n\n\n<h3 class=\"wp-block-heading\">Discografia como l\u00edder:<\/h3>\n\n\n\n<ul class=\"wp-block-list\">\n<li><strong>Barcelona Gospel Messengers<\/strong> \u00ab<em>Listen to the music<\/em>\u00ab<\/li>\n\n\n\n<li><strong>Barcelona Gospel Messengers<\/strong> \u00ab<em>What&#8217;s going on?<\/em>\u00bb <em>Messengers sing Motown<\/em><\/li>\n\n\n\n<li><strong>Barcelona Gospel Messengers<\/strong><em> \u201cGo higher \u201c<\/em><\/li>\n\n\n\n<li><strong>Barcelona Gospel Messengers<\/strong><em> \u201cBe Here Now. George Harrison Tribute\u201c<\/em><\/li>\n\n\n\n<li><strong>Barcelona Gospel Messengers&amp; Paula Dom\u00ednguez<\/strong> <em>\u201cGospel meets flamenco \u201c<\/em><\/li>\n\n\n\n<li><strong>Barcelona Big Latin Band<\/strong>. \u201c<em>Live <\/em>\u201d&nbsp;<\/li>\n\n\n\n<li><strong>Barcelona Big Latin Band<\/strong>. \u201c<em>Bueno pa Gozar <\/em>\u201d&nbsp; ,<\/li>\n\n\n\n<li><strong>Barcelona Big Latin Band<\/strong>. \u201c<em>Suite Llatina 0.7 <\/em>\u201d<\/li>\n\n\n\n<li><strong>Barcelona Big Latin Band<\/strong>. <em>Pavana Club \u201c<\/em><\/li>\n\n\n\n<li><strong>Esclat Gospel Singers<\/strong>. \u201c<em>Esclat Gospel<\/em> \u201d<\/li>\n\n\n\n<li><strong>Esclat Gospel Singers &amp; Big Band de la Uni\u00f3 Musical del Bages<\/strong> \u201c<em>Pla\u00e7a Reial<\/em>\u201d<\/li>\n\n\n\n<li><strong>Esclat Gospel Singers<\/strong> \u201c<em>The Gospel Machine<\/em> \u201c<\/li>\n\n\n\n<li><strong>Esclat Gospel Singers &amp; Big Mama<\/strong> \u201c<em>From Roots to Heaven\u201d<\/em><\/li>\n\n\n\n<li><strong>Esclat Gospel Singers<\/strong> \u201c<em>Spirituals\u201d<\/em><\/li>\n\n\n\n<li><strong>Esclat Gospel Singers<\/strong>.<em>\u201d From the Heart of \u00c1frica \u201c<\/em><\/li>\n\n\n\n<li><strong>Jordi Molina &amp; Ramon Escal\u00e9<\/strong> . \u201c <em>Mosaic <\/em>\u201d<\/li>\n\n\n\n<li><strong>Jordi Molina &amp; Ramon Escal\u00e9<\/strong>. \u201c <em>De viatge <\/em>\u201d<\/li>\n\n\n\n<li><strong>Escal\u00e9 &amp; Ribalta &amp; Zamora<\/strong> . \u201c <em>ERZ Caf\u00e8 <\/em>\u201d<\/li>\n<\/ul>\n\n\n\n<h3 class=\"wp-block-heading\">Premios<\/h3>\n\n\n\n<ul class=\"wp-block-list\">\n<li><strong>Jazz Musicians Association Award 2001. Best Big Band conductor.<\/strong><\/li>\n\n\n\n<li><strong>Jazz Musicians Association Award 2002. Best Big Band conductor.&nbsp;<\/strong><\/li>\n\n\n\n<li><strong>Enderrock Award Best Jazz Album 2013 \u201cPavana Club\u201d Barcelona Big Latin Band&nbsp;&nbsp;&nbsp;&nbsp;&nbsp;&nbsp;&nbsp;&nbsp;&nbsp;&nbsp;<\/strong><\/li>\n\n\n\n<li><strong>Enderrock Award Best Jazz Album 2017 \u201cBe Here Now: George Harrison Tribute\u201d Barcelona Gospel Messengers.<\/strong><\/li>\n<\/ul>\n","protected":false},"excerpt":{"rendered":"<p>Director, pianista, compositor y arreglista. Manresa 1959. T\u00edtulo Superior de M\u00fasica en la Escuela Superior de M\u00fasica de Catalunya. 2010. Direcci\u00f3n Creador, director y arreglista de espect\u00e1culos Colaboraciones art\u00edsticas Productor y director de: Colaboraciones sociales: Pedagogia. Director y fundador: Colaboraciones pedag\u00f3gicas Internacionales Discografia como l\u00edder: Premios<\/p>\n","protected":false},"author":1,"featured_media":0,"parent":0,"menu_order":3,"comment_status":"closed","ping_status":"closed","template":"","meta":{"_editorskit_title_hidden":false,"_editorskit_reading_time":2,"_editorskit_is_block_options_detached":false,"_editorskit_block_options_position":"{}","_genesis_hide_title":false,"_genesis_hide_breadcrumbs":false,"_genesis_hide_singular_image":false,"_genesis_hide_footer_widgets":false,"_genesis_custom_body_class":"","_genesis_custom_post_class":"","_genesis_layout":"","editor_notices":[],"footnotes":""},"class_list":{"0":"post-379","1":"page","2":"type-page","3":"status-publish","5":"entry"},"_links":{"self":[{"href":"https:\/\/ramonescale.com\/es\/wp-json\/wp\/v2\/pages\/379","targetHints":{"allow":["GET"]}}],"collection":[{"href":"https:\/\/ramonescale.com\/es\/wp-json\/wp\/v2\/pages"}],"about":[{"href":"https:\/\/ramonescale.com\/es\/wp-json\/wp\/v2\/types\/page"}],"author":[{"embeddable":true,"href":"https:\/\/ramonescale.com\/es\/wp-json\/wp\/v2\/users\/1"}],"replies":[{"embeddable":true,"href":"https:\/\/ramonescale.com\/es\/wp-json\/wp\/v2\/comments?post=379"}],"version-history":[{"count":29,"href":"https:\/\/ramonescale.com\/es\/wp-json\/wp\/v2\/pages\/379\/revisions"}],"predecessor-version":[{"id":844,"href":"https:\/\/ramonescale.com\/es\/wp-json\/wp\/v2\/pages\/379\/revisions\/844"}],"wp:attachment":[{"href":"https:\/\/ramonescale.com\/es\/wp-json\/wp\/v2\/media?parent=379"}],"curies":[{"name":"wp","href":"https:\/\/api.w.org\/{rel}","templated":true}]}}