{"id":432,"date":"2020-03-04T16:57:23","date_gmt":"2020-03-04T15:57:23","guid":{"rendered":"https:\/\/ramonescale.com\/?page_id=432"},"modified":"2024-04-15T13:13:09","modified_gmt":"2024-04-15T11:13:09","slug":"gospel-meets-flamenco","status":"publish","type":"page","link":"https:\/\/ramonescale.com\/es\/espectaculos\/gospel-meets-flamenco\/","title":{"rendered":"Gospel Meets Flamenco"},"content":{"rendered":"\n<h2 class=\"wp-block-heading has-text-align-center\"><\/h2>\n\n\n\n<h1 class=\"wp-block-heading\">THE LAMENTO. GOSPEL &amp; FLAMENCO<\/h1>\n\n\n\n<p>The Lamento es el resultado de un largo camino de investigaci\u00f3n del polifac\u00e9tico m\u00fasico Ramon Escal\u00e9 para encontrar una conexi\u00f3n en el terreno musical, conceptual, pero sobre todo emocional, entre dos m\u00fasicas de ra\u00edz: los espirituales negros y el flamenco. Ambas est\u00e1n empapadas de un sentimiento ancestral de tristeza que se hermana con el blues y el quej\u00edo, emociones profundas que salen del fondo del alma pero que dejan lugar a la esperanza.<br><\/p>\n\n\n\n<p>La pasi\u00f3n, la fuerza, el lamento, la alegr\u00eda, la visceralidad y la autenticidad es lo que emana de este espect\u00e1culo, donde las formas musicales experimentan libremente con la complejidad r\u00edtmica del flamenco y, al mismo tiempo, se encajan las melod\u00edas sencillas, pero sobrecogedoras, de los espirituales. Para hacerlo, Ramon Escal\u00e9 cuenta con Paula Dom\u00ednguez, con quien descubre el punto donde estos dos mundos se entrelazan de manera natural.<\/p>\n\n\n\n<p>El proyecto respeta la esencia de las melod\u00edas de los espirituales negros y deja que encuentren un espacio c\u00f3modo dentro de la sonoridad flamenca, haciendo que adopten giros y melismas que en principio no le son familiares.<\/p>\n\n\n\n<p>Pero si algo define a The Lamento es la honestidad. Es una propuesta sincera, osada, sin artificios, apasionada y respetuosa con la tradici\u00f3n. Tiene el poder de emocionar y conmover a cualquiera que lo escuche.<\/p>\n\n\n\n<p>Para hacerlo, cuenta con algunas de las figuras emergentes m\u00e1s destacadas del flamenco catal\u00e1n y tambi\u00e9n nombres consolidados de la escena local de las m\u00fasicas afroamericanas. El resultado es una formaci\u00f3n repleta de grandes m\u00fasicos que aportan todo su bagaje para hacer posible una mezcla pocas veces lograda en plenitud.<\/p>\n\n\n\n<p>\u201c<em>Fue realmente muy emocionante escuchar por primera vez el espiritual \u00abWade in the water\u201d con armon\u00eda y ritmo de tangos y tener la certeza de que se hab\u00eda abierto un nuevo camino, y que, despu\u00e9s de este primer hallazgo, ir\u00eda viniendo el maridaje del resto de melod\u00edas con su entorno<\/em>\u201d.<br>Ramon Escal\u00e9<\/p>\n\n\n\n<p><strong>Duraci\u00f3n: <\/strong>70 minutos aprox<\/p>\n\n\n\n<p><strong>FICHA ART\u00cdSTICA<\/strong><br>Paula Dom\u00ednguez | voz<br>Laura Marchal | voz<br>Carmen Cort\u00e9s | voz<br>Montse Mart\u00ednez | baile<br>Mart\u00ed Serra | saxo alto<br>Marc L\u00f3pez | guitarra espa\u00f1ola<br>Ismael Alcina | bajo<br>David Dom\u00ednguez | percusi\u00f3n<br>Ramon Escal\u00e9 | \u00f3rgano, arreglos y direcci\u00f3n<\/p>\n\n\n\n<h3 class=\"wp-block-heading\">V\u00eddeos<\/h3>\n\n\n\n<p>Teaser The Lamento. Gospel meets Flamenco. Festival Ciutat Flamenco 2023<\/p>\n\n\n\n<figure class=\"wp-block-embed is-type-video is-provider-youtube wp-block-embed-youtube wp-embed-aspect-16-9 wp-has-aspect-ratio\"><div class=\"wp-block-embed__wrapper\">\n<iframe loading=\"lazy\" title=\"The Lamento. Gospel &amp; Flamenco.   Ramon Escal\u00e9\" width=\"700\" height=\"394\" src=\"https:\/\/www.youtube.com\/embed\/0TCc7ALcgsQ?feature=oembed\" frameborder=\"0\" allow=\"accelerometer; autoplay; clipboard-write; encrypted-media; gyroscope; picture-in-picture; web-share\" referrerpolicy=\"strict-origin-when-cross-origin\" allowfullscreen><\/iframe>\n<\/div><\/figure>\n\n\n\n<p>Wade in the water.The Lamento. Gospel meets Flamenco. Festival Ciutat Flamenco 2023<\/p>\n\n\n\n<figure class=\"wp-block-embed is-type-video is-provider-youtube wp-block-embed-youtube wp-embed-aspect-16-9 wp-has-aspect-ratio\"><div class=\"wp-block-embed__wrapper\">\n<iframe loading=\"lazy\" title=\"WADE IN THE WATER (Traditional) The Lamento. Ramon Escale\" width=\"700\" height=\"394\" src=\"https:\/\/www.youtube.com\/embed\/wUc8r3IQuTs?feature=oembed\" frameborder=\"0\" allow=\"accelerometer; autoplay; clipboard-write; encrypted-media; gyroscope; picture-in-picture; web-share\" referrerpolicy=\"strict-origin-when-cross-origin\" allowfullscreen><\/iframe>\n<\/div><\/figure>\n\n\n\n<figure class=\"wp-block-embed is-type-video is-provider-youtube wp-block-embed-youtube wp-embed-aspect-16-9 wp-has-aspect-ratio\"><div class=\"wp-block-embed__wrapper\">\n<iframe loading=\"lazy\" title=\"Paula Dom\u00ednguez &amp; Ramon Escal\u00e9\" width=\"700\" height=\"394\" src=\"https:\/\/www.youtube.com\/embed\/WKkJyWVKBgc?feature=oembed\" frameborder=\"0\" allow=\"accelerometer; autoplay; clipboard-write; encrypted-media; gyroscope; picture-in-picture; web-share\" referrerpolicy=\"strict-origin-when-cross-origin\" allowfullscreen><\/iframe>\n<\/div><\/figure>\n","protected":false},"excerpt":{"rendered":"<p>THE LAMENTO. GOSPEL &amp; FLAMENCO The Lamento es el resultado de un largo camino de investigaci\u00f3n del polifac\u00e9tico m\u00fasico Ramon Escal\u00e9 para encontrar una conexi\u00f3n en el terreno musical, conceptual, pero sobre todo emocional, entre dos m\u00fasicas de ra\u00edz: los espirituales negros y el flamenco. Ambas est\u00e1n empapadas de un sentimiento ancestral de tristeza que [&hellip;]<\/p>\n","protected":false},"author":1,"featured_media":0,"parent":290,"menu_order":0,"comment_status":"closed","ping_status":"closed","template":"","meta":{"_editorskit_title_hidden":false,"_editorskit_reading_time":1,"_editorskit_is_block_options_detached":false,"_editorskit_block_options_position":"{}","_genesis_hide_title":false,"_genesis_hide_breadcrumbs":false,"_genesis_hide_singular_image":false,"_genesis_hide_footer_widgets":false,"_genesis_custom_body_class":"","_genesis_custom_post_class":"","_genesis_layout":"","editor_notices":[],"footnotes":""},"class_list":{"0":"post-432","1":"page","2":"type-page","3":"status-publish","5":"entry"},"_links":{"self":[{"href":"https:\/\/ramonescale.com\/es\/wp-json\/wp\/v2\/pages\/432","targetHints":{"allow":["GET"]}}],"collection":[{"href":"https:\/\/ramonescale.com\/es\/wp-json\/wp\/v2\/pages"}],"about":[{"href":"https:\/\/ramonescale.com\/es\/wp-json\/wp\/v2\/types\/page"}],"author":[{"embeddable":true,"href":"https:\/\/ramonescale.com\/es\/wp-json\/wp\/v2\/users\/1"}],"replies":[{"embeddable":true,"href":"https:\/\/ramonescale.com\/es\/wp-json\/wp\/v2\/comments?post=432"}],"version-history":[{"count":4,"href":"https:\/\/ramonescale.com\/es\/wp-json\/wp\/v2\/pages\/432\/revisions"}],"predecessor-version":[{"id":809,"href":"https:\/\/ramonescale.com\/es\/wp-json\/wp\/v2\/pages\/432\/revisions\/809"}],"up":[{"embeddable":true,"href":"https:\/\/ramonescale.com\/es\/wp-json\/wp\/v2\/pages\/290"}],"wp:attachment":[{"href":"https:\/\/ramonescale.com\/es\/wp-json\/wp\/v2\/media?parent=432"}],"curies":[{"name":"wp","href":"https:\/\/api.w.org\/{rel}","templated":true}]}}